{"id":1809,"date":"2023-04-18T22:55:44","date_gmt":"2023-04-18T21:55:44","guid":{"rendered":"https:\/\/netzwerk-migration-integration.de\/?page_id=1809"},"modified":"2023-04-18T22:55:45","modified_gmt":"2023-04-18T21:55:45","slug":"veranstaltung-afghanistan-einmal-von-seiner-schoensten-seite","status":"publish","type":"page","link":"https:\/\/netzwerk-migration-integration.de\/index.php\/veranstaltung-afghanistan-einmal-von-seiner-schoensten-seite\/","title":{"rendered":"Veranstaltung: Afghanistan &#8211; einmal von seiner sch\u00f6nsten Seite"},"content":{"rendered":"\n<p class=\"wp-block-paragraph\">Am Dienstag, 02.05.23, um 19 Uhr Peter-Rantzau-Haus<\/p>\n\n\n\n<div class=\"wp-block-media-text alignwide is-stacked-on-mobile\" style=\"grid-template-columns:34% auto\"><figure class=\"wp-block-media-text__media\"><img fetchpriority=\"high\" decoding=\"async\" width=\"595\" height=\"360\" src=\"https:\/\/netzwerk-migration-integration.de\/wp-content\/uploads\/2023\/04\/afghan_flag-1.jpg\" alt=\"\" class=\"wp-image-1813 size-full\" srcset=\"https:\/\/netzwerk-migration-integration.de\/wp-content\/uploads\/2023\/04\/afghan_flag-1.jpg 595w, https:\/\/netzwerk-migration-integration.de\/wp-content\/uploads\/2023\/04\/afghan_flag-1-300x182.jpg 300w\" sizes=\"(max-width: 595px) 85vw, 595px\" \/><\/figure><div class=\"wp-block-media-text__content\">\n<p class=\"wp-block-paragraph\">Einige junge Leute aus Afghanistan werden uns \u00fcber kulturelle Aspekten von Afghanistan informieren, einem Land mit einer 2600-j\u00e4hrigen Geschichte, mit vielen Ethnien und Sprachen. <\/p>\n<\/div><\/div>\n\n\n\n<p class=\"wp-block-paragraph\"> An diesem Termin wirken einige junge Leute aus Afghanistan mit, die der \u201e<a href=\"https:\/\/www.freundeskreis-fluechtlinge.com\/\">Freundeskreis f\u00fcr Fl\u00fcchtlinge Ahrensburg e.V.<\/a>\u201c vermittelt hat.<\/p>\n\n\n\n<p class=\"wp-block-paragraph\">AmDonnerstag, 09.05.2023, bietet das Peter-Rantzau-Haus einen Gang durch die Stra\u00dfen rund um St. Georg. Es wird gezeigt, wo Menschen aus Afghanistan Lebensmittel und Backwaren einkaufen, wo es Gesch\u00e4fte mit bunter traditioneller Kleidung und sch\u00f6nem Schmuck gibt.<br>Anschlie\u00dfend geht es in ein afghanisches Restaurant zum Essen.<\/p>\n\n\n\n<p class=\"wp-block-paragraph\">Treffpunkt:&nbsp;<br>02.05.2023 um 19:00 Uhr im Peter-Rantzau-Haus<br>09.05.2023 um 13:40 Uhr am Regionalbahnhof Ahrensburg<\/p>\n\n\n\n<p class=\"wp-block-paragraph\">Anmeldung:<br>Telefon 04102 \/ 21 15 15 oder\u00a0<a href=\"&#x6d;&#97;&#x69;&#x6c;&#116;&#x6f;&#x3a;&#107;&#x75;&#x72;&#115;&#x61;&#x6e;m&#x65;&#x6c;d&#x75;&#110;g&#x40;&#112;e&#x74;&#101;r&#x2d;&#114;a&#x6e;&#116;z&#x61;&#117;-&#x68;&#97;u&#x73;&#46;d&#x65;\" target=\"_blank\" rel=\"noreferrer noopener\">&#x6b;&#117;&#x72;&#115;a&#x6e;&#109;e&#x6c;&#100;&#x75;&#x6e;g&#x40;&#112;e&#x74;&#101;&#x72;&#x2d;r&#x61;&#110;t&#x7a;&#97;u&#x2d;&#104;&#x61;&#117;s&#x2e;&#100;e<\/a><\/p>\n\n\n\n<p class=\"wp-block-paragraph\">Veranstalter: <a href=\"https:\/\/www.peter-rantzau-haus.de\/\" target=\"_blank\" rel=\"noreferrer noopener\">Peter-Rantzau-Haus<\/a><\/p>\n","protected":false},"excerpt":{"rendered":"<p>Am Dienstag, 02.05.23, um 19 Uhr Peter-Rantzau-Haus Einige junge Leute aus Afghanistan werden uns \u00fcber kulturelle Aspekten von Afghanistan informieren, einem Land mit einer 2600-j\u00e4hrigen Geschichte, mit vielen Ethnien und Sprachen. An diesem Termin wirken einige junge Leute aus Afghanistan mit, die der \u201eFreundeskreis f\u00fcr Fl\u00fcchtlinge Ahrensburg e.V.\u201c vermittelt hat. AmDonnerstag, 09.05.2023, bietet das Peter-Rantzau-Haus &hellip; <a href=\"https:\/\/netzwerk-migration-integration.de\/index.php\/veranstaltung-afghanistan-einmal-von-seiner-schoensten-seite\/\" class=\"more-link\"><span class=\"screen-reader-text\">\u201eVeranstaltung: Afghanistan &#8211; einmal von seiner sch\u00f6nsten Seite\u201c <\/span>weiterlesen<\/a><\/p>\n","protected":false},"author":2,"featured_media":0,"parent":0,"menu_order":0,"comment_status":"closed","ping_status":"closed","template":"","meta":{"_crdt_document":"","footnotes":""},"class_list":["post-1809","page","type-page","status-publish","hentry"],"yoast_head":"<!-- This site is optimized with the Yoast SEO plugin v27.5 - https:\/\/yoast.com\/product\/yoast-seo-wordpress\/ -->\n<title>Veranstaltung: Afghanistan - einmal von seiner sch\u00f6nsten Seite - NetzWERK Migration &amp; Integration Ahrensburg<\/title>\n<meta name=\"robots\" content=\"index, follow, max-snippet:-1, max-image-preview:large, max-video-preview:-1\" \/>\n<link rel=\"canonical\" href=\"https:\/\/netzwerk-migration-integration.de\/index.php\/veranstaltung-afghanistan-einmal-von-seiner-schoensten-seite\/\" \/>\n<meta property=\"og:locale\" content=\"de_DE\" \/>\n<meta property=\"og:type\" content=\"article\" \/>\n<meta property=\"og:title\" content=\"Veranstaltung: Afghanistan - einmal von seiner sch\u00f6nsten Seite - NetzWERK Migration &amp; Integration Ahrensburg\" \/>\n<meta property=\"og:description\" content=\"Am Dienstag, 02.05.23, um 19 Uhr Peter-Rantzau-Haus Einige junge Leute aus Afghanistan werden uns \u00fcber kulturelle Aspekten von Afghanistan informieren, einem Land mit einer 2600-j\u00e4hrigen Geschichte, mit vielen Ethnien und Sprachen. An diesem Termin wirken einige junge Leute aus Afghanistan mit, die der \u201eFreundeskreis f\u00fcr Fl\u00fcchtlinge Ahrensburg e.V.\u201c vermittelt hat. AmDonnerstag, 09.05.2023, bietet das Peter-Rantzau-Haus &hellip; \u201eVeranstaltung: Afghanistan &#8211; einmal von seiner sch\u00f6nsten Seite\u201c weiterlesen\" \/>\n<meta property=\"og:url\" content=\"https:\/\/netzwerk-migration-integration.de\/index.php\/veranstaltung-afghanistan-einmal-von-seiner-schoensten-seite\/\" \/>\n<meta property=\"og:site_name\" content=\"NetzWERK Migration &amp; Integration Ahrensburg\" \/>\n<meta property=\"article:modified_time\" content=\"2023-04-18T21:55:45+00:00\" \/>\n<meta property=\"og:image\" content=\"https:\/\/netzwerk-migration-integration.de\/wp-content\/uploads\/2023\/04\/afghan_flag-1.jpg\" \/>\n<meta name=\"twitter:card\" content=\"summary_large_image\" \/>\n<meta name=\"twitter:label1\" content=\"Gesch\u00e4tzte Lesezeit\" \/>\n\t<meta name=\"twitter:data1\" content=\"1\u00a0Minute\" \/>\n<script type=\"application\/ld+json\" class=\"yoast-schema-graph\">{\"@context\":\"https:\\\/\\\/schema.org\",\"@graph\":[{\"@type\":\"WebPage\",\"@id\":\"https:\\\/\\\/netzwerk-migration-integration.de\\\/index.php\\\/veranstaltung-afghanistan-einmal-von-seiner-schoensten-seite\\\/\",\"url\":\"https:\\\/\\\/netzwerk-migration-integration.de\\\/index.php\\\/veranstaltung-afghanistan-einmal-von-seiner-schoensten-seite\\\/\",\"name\":\"Veranstaltung: Afghanistan - einmal von seiner sch\u00f6nsten Seite - NetzWERK Migration &amp; Integration Ahrensburg\",\"isPartOf\":{\"@id\":\"https:\\\/\\\/netzwerk-migration-integration.de\\\/#website\"},\"primaryImageOfPage\":{\"@id\":\"https:\\\/\\\/netzwerk-migration-integration.de\\\/index.php\\\/veranstaltung-afghanistan-einmal-von-seiner-schoensten-seite\\\/#primaryimage\"},\"image\":{\"@id\":\"https:\\\/\\\/netzwerk-migration-integration.de\\\/index.php\\\/veranstaltung-afghanistan-einmal-von-seiner-schoensten-seite\\\/#primaryimage\"},\"thumbnailUrl\":\"https:\\\/\\\/netzwerk-migration-integration.de\\\/wp-content\\\/uploads\\\/2023\\\/04\\\/afghan_flag-1.jpg\",\"datePublished\":\"2023-04-18T21:55:44+00:00\",\"dateModified\":\"2023-04-18T21:55:45+00:00\",\"breadcrumb\":{\"@id\":\"https:\\\/\\\/netzwerk-migration-integration.de\\\/index.php\\\/veranstaltung-afghanistan-einmal-von-seiner-schoensten-seite\\\/#breadcrumb\"},\"inLanguage\":\"de\",\"potentialAction\":[{\"@type\":\"ReadAction\",\"target\":[\"https:\\\/\\\/netzwerk-migration-integration.de\\\/index.php\\\/veranstaltung-afghanistan-einmal-von-seiner-schoensten-seite\\\/\"]}]},{\"@type\":\"ImageObject\",\"inLanguage\":\"de\",\"@id\":\"https:\\\/\\\/netzwerk-migration-integration.de\\\/index.php\\\/veranstaltung-afghanistan-einmal-von-seiner-schoensten-seite\\\/#primaryimage\",\"url\":\"https:\\\/\\\/netzwerk-migration-integration.de\\\/wp-content\\\/uploads\\\/2023\\\/04\\\/afghan_flag-1.jpg\",\"contentUrl\":\"https:\\\/\\\/netzwerk-migration-integration.de\\\/wp-content\\\/uploads\\\/2023\\\/04\\\/afghan_flag-1.jpg\",\"width\":595,\"height\":360},{\"@type\":\"BreadcrumbList\",\"@id\":\"https:\\\/\\\/netzwerk-migration-integration.de\\\/index.php\\\/veranstaltung-afghanistan-einmal-von-seiner-schoensten-seite\\\/#breadcrumb\",\"itemListElement\":[{\"@type\":\"ListItem\",\"position\":1,\"name\":\"Home\",\"item\":\"https:\\\/\\\/netzwerk-migration-integration.de\\\/\"},{\"@type\":\"ListItem\",\"position\":2,\"name\":\"Veranstaltung: Afghanistan &#8211; einmal von seiner sch\u00f6nsten Seite\"}]},{\"@type\":\"WebSite\",\"@id\":\"https:\\\/\\\/netzwerk-migration-integration.de\\\/#website\",\"url\":\"https:\\\/\\\/netzwerk-migration-integration.de\\\/\",\"name\":\"NetzWERK Migration &amp; Integration Ahrensburg\",\"description\":\"\",\"publisher\":{\"@id\":\"https:\\\/\\\/netzwerk-migration-integration.de\\\/#organization\"},\"potentialAction\":[{\"@type\":\"SearchAction\",\"target\":{\"@type\":\"EntryPoint\",\"urlTemplate\":\"https:\\\/\\\/netzwerk-migration-integration.de\\\/?s={search_term_string}\"},\"query-input\":{\"@type\":\"PropertyValueSpecification\",\"valueRequired\":true,\"valueName\":\"search_term_string\"}}],\"inLanguage\":\"de\"},{\"@type\":\"Organization\",\"@id\":\"https:\\\/\\\/netzwerk-migration-integration.de\\\/#organization\",\"name\":\"NetzWERK Migration &amp; Integration Ahrensburg\",\"url\":\"https:\\\/\\\/netzwerk-migration-integration.de\\\/\",\"logo\":{\"@type\":\"ImageObject\",\"inLanguage\":\"de\",\"@id\":\"https:\\\/\\\/netzwerk-migration-integration.de\\\/#\\\/schema\\\/logo\\\/image\\\/\",\"url\":\"https:\\\/\\\/netzwerk-migration-integration.de\\\/wp-content\\\/uploads\\\/2018\\\/03\\\/cropped-NetzW-Logo_rgb-2-2.jpg\",\"contentUrl\":\"https:\\\/\\\/netzwerk-migration-integration.de\\\/wp-content\\\/uploads\\\/2018\\\/03\\\/cropped-NetzW-Logo_rgb-2-2.jpg\",\"width\":240,\"height\":74,\"caption\":\"NetzWERK Migration &amp; Integration Ahrensburg\"},\"image\":{\"@id\":\"https:\\\/\\\/netzwerk-migration-integration.de\\\/#\\\/schema\\\/logo\\\/image\\\/\"}}]}<\/script>\n<!-- \/ Yoast SEO plugin. -->","yoast_head_json":{"title":"Veranstaltung: Afghanistan - einmal von seiner sch\u00f6nsten Seite - NetzWERK Migration &amp; Integration Ahrensburg","robots":{"index":"index","follow":"follow","max-snippet":"max-snippet:-1","max-image-preview":"max-image-preview:large","max-video-preview":"max-video-preview:-1"},"canonical":"https:\/\/netzwerk-migration-integration.de\/index.php\/veranstaltung-afghanistan-einmal-von-seiner-schoensten-seite\/","og_locale":"de_DE","og_type":"article","og_title":"Veranstaltung: Afghanistan - einmal von seiner sch\u00f6nsten Seite - NetzWERK Migration &amp; Integration Ahrensburg","og_description":"Am Dienstag, 02.05.23, um 19 Uhr Peter-Rantzau-Haus Einige junge Leute aus Afghanistan werden uns \u00fcber kulturelle Aspekten von Afghanistan informieren, einem Land mit einer 2600-j\u00e4hrigen Geschichte, mit vielen Ethnien und Sprachen. An diesem Termin wirken einige junge Leute aus Afghanistan mit, die der \u201eFreundeskreis f\u00fcr Fl\u00fcchtlinge Ahrensburg e.V.\u201c vermittelt hat. AmDonnerstag, 09.05.2023, bietet das Peter-Rantzau-Haus &hellip; \u201eVeranstaltung: Afghanistan &#8211; einmal von seiner sch\u00f6nsten Seite\u201c weiterlesen","og_url":"https:\/\/netzwerk-migration-integration.de\/index.php\/veranstaltung-afghanistan-einmal-von-seiner-schoensten-seite\/","og_site_name":"NetzWERK Migration &amp; Integration Ahrensburg","article_modified_time":"2023-04-18T21:55:45+00:00","og_image":[{"url":"https:\/\/netzwerk-migration-integration.de\/wp-content\/uploads\/2023\/04\/afghan_flag-1.jpg","type":"","width":"","height":""}],"twitter_card":"summary_large_image","twitter_misc":{"Gesch\u00e4tzte Lesezeit":"1\u00a0Minute"},"schema":{"@context":"https:\/\/schema.org","@graph":[{"@type":"WebPage","@id":"https:\/\/netzwerk-migration-integration.de\/index.php\/veranstaltung-afghanistan-einmal-von-seiner-schoensten-seite\/","url":"https:\/\/netzwerk-migration-integration.de\/index.php\/veranstaltung-afghanistan-einmal-von-seiner-schoensten-seite\/","name":"Veranstaltung: Afghanistan - einmal von seiner sch\u00f6nsten Seite - NetzWERK Migration &amp; Integration Ahrensburg","isPartOf":{"@id":"https:\/\/netzwerk-migration-integration.de\/#website"},"primaryImageOfPage":{"@id":"https:\/\/netzwerk-migration-integration.de\/index.php\/veranstaltung-afghanistan-einmal-von-seiner-schoensten-seite\/#primaryimage"},"image":{"@id":"https:\/\/netzwerk-migration-integration.de\/index.php\/veranstaltung-afghanistan-einmal-von-seiner-schoensten-seite\/#primaryimage"},"thumbnailUrl":"https:\/\/netzwerk-migration-integration.de\/wp-content\/uploads\/2023\/04\/afghan_flag-1.jpg","datePublished":"2023-04-18T21:55:44+00:00","dateModified":"2023-04-18T21:55:45+00:00","breadcrumb":{"@id":"https:\/\/netzwerk-migration-integration.de\/index.php\/veranstaltung-afghanistan-einmal-von-seiner-schoensten-seite\/#breadcrumb"},"inLanguage":"de","potentialAction":[{"@type":"ReadAction","target":["https:\/\/netzwerk-migration-integration.de\/index.php\/veranstaltung-afghanistan-einmal-von-seiner-schoensten-seite\/"]}]},{"@type":"ImageObject","inLanguage":"de","@id":"https:\/\/netzwerk-migration-integration.de\/index.php\/veranstaltung-afghanistan-einmal-von-seiner-schoensten-seite\/#primaryimage","url":"https:\/\/netzwerk-migration-integration.de\/wp-content\/uploads\/2023\/04\/afghan_flag-1.jpg","contentUrl":"https:\/\/netzwerk-migration-integration.de\/wp-content\/uploads\/2023\/04\/afghan_flag-1.jpg","width":595,"height":360},{"@type":"BreadcrumbList","@id":"https:\/\/netzwerk-migration-integration.de\/index.php\/veranstaltung-afghanistan-einmal-von-seiner-schoensten-seite\/#breadcrumb","itemListElement":[{"@type":"ListItem","position":1,"name":"Home","item":"https:\/\/netzwerk-migration-integration.de\/"},{"@type":"ListItem","position":2,"name":"Veranstaltung: Afghanistan &#8211; einmal von seiner sch\u00f6nsten Seite"}]},{"@type":"WebSite","@id":"https:\/\/netzwerk-migration-integration.de\/#website","url":"https:\/\/netzwerk-migration-integration.de\/","name":"NetzWERK Migration &amp; Integration Ahrensburg","description":"","publisher":{"@id":"https:\/\/netzwerk-migration-integration.de\/#organization"},"potentialAction":[{"@type":"SearchAction","target":{"@type":"EntryPoint","urlTemplate":"https:\/\/netzwerk-migration-integration.de\/?s={search_term_string}"},"query-input":{"@type":"PropertyValueSpecification","valueRequired":true,"valueName":"search_term_string"}}],"inLanguage":"de"},{"@type":"Organization","@id":"https:\/\/netzwerk-migration-integration.de\/#organization","name":"NetzWERK Migration &amp; Integration Ahrensburg","url":"https:\/\/netzwerk-migration-integration.de\/","logo":{"@type":"ImageObject","inLanguage":"de","@id":"https:\/\/netzwerk-migration-integration.de\/#\/schema\/logo\/image\/","url":"https:\/\/netzwerk-migration-integration.de\/wp-content\/uploads\/2018\/03\/cropped-NetzW-Logo_rgb-2-2.jpg","contentUrl":"https:\/\/netzwerk-migration-integration.de\/wp-content\/uploads\/2018\/03\/cropped-NetzW-Logo_rgb-2-2.jpg","width":240,"height":74,"caption":"NetzWERK Migration &amp; Integration Ahrensburg"},"image":{"@id":"https:\/\/netzwerk-migration-integration.de\/#\/schema\/logo\/image\/"}}]}},"_links":{"self":[{"href":"https:\/\/netzwerk-migration-integration.de\/index.php\/wp-json\/wp\/v2\/pages\/1809","targetHints":{"allow":["GET"]}}],"collection":[{"href":"https:\/\/netzwerk-migration-integration.de\/index.php\/wp-json\/wp\/v2\/pages"}],"about":[{"href":"https:\/\/netzwerk-migration-integration.de\/index.php\/wp-json\/wp\/v2\/types\/page"}],"author":[{"embeddable":true,"href":"https:\/\/netzwerk-migration-integration.de\/index.php\/wp-json\/wp\/v2\/users\/2"}],"replies":[{"embeddable":true,"href":"https:\/\/netzwerk-migration-integration.de\/index.php\/wp-json\/wp\/v2\/comments?post=1809"}],"version-history":[{"count":4,"href":"https:\/\/netzwerk-migration-integration.de\/index.php\/wp-json\/wp\/v2\/pages\/1809\/revisions"}],"predecessor-version":[{"id":1815,"href":"https:\/\/netzwerk-migration-integration.de\/index.php\/wp-json\/wp\/v2\/pages\/1809\/revisions\/1815"}],"wp:attachment":[{"href":"https:\/\/netzwerk-migration-integration.de\/index.php\/wp-json\/wp\/v2\/media?parent=1809"}],"curies":[{"name":"wp","href":"https:\/\/api.w.org\/{rel}","templated":true}]}}