{"id":1166,"date":"2019-09-05T13:51:10","date_gmt":"2019-09-05T12:51:10","guid":{"rendered":"http:\/\/netzwerk-migration-integration.de\/?page_id=1166"},"modified":"2019-09-12T18:39:05","modified_gmt":"2019-09-12T17:39:05","slug":"10-jahre-interkultureller-herbst","status":"publish","type":"page","link":"https:\/\/netzwerk-migration-integration.de\/index.php\/10-jahre-interkultureller-herbst\/","title":{"rendered":"10 Jahre Interkultureller Herbst"},"content":{"rendered":"\t\t<div data-elementor-type=\"wp-post\" data-elementor-id=\"1166\" class=\"elementor elementor-1166\">\n\t\t\t\t\t\t<section class=\"elementor-section elementor-top-section elementor-element elementor-element-4783483 elementor-section-boxed elementor-section-height-default elementor-section-height-default\" data-id=\"4783483\" data-element_type=\"section\" data-e-type=\"section\">\n\t\t\t\t\t\t<div class=\"elementor-container elementor-column-gap-default\">\n\t\t\t\t\t<div class=\"elementor-column elementor-col-100 elementor-top-column elementor-element elementor-element-7da45b0\" data-id=\"7da45b0\" data-element_type=\"column\" data-e-type=\"column\">\n\t\t\t<div class=\"elementor-widget-wrap elementor-element-populated\">\n\t\t\t\t\t\t<div class=\"elementor-element elementor-element-1824050 elementor-widget elementor-widget-text-editor\" data-id=\"1824050\" data-element_type=\"widget\" data-e-type=\"widget\" data-widget_type=\"text-editor.default\">\n\t\t\t\t<div class=\"elementor-widget-container\">\n\t\t\t\t\t\t\t\t\t<p><span style=\"font-size: 11.0pt; font-family: Calibri , sans-serif; color: #1f497d;\">\u00dcber 150 G\u00e4ste haben am 31. August das 10-j\u00e4hrige Jubil\u00e4um des Interkulturellen Herbstes im Marstall gefeiert.<\/span><span style=\"font-size: 11.0pt; font-family: Calibri , sans-serif; color: #1f497d;\"><br \/><\/span><\/p><p><span style=\"font-size: 11.0pt; font-family: Calibri , sans-serif; color: #1f497d;\">Der Schirmherr <strong>B\u00fcrgermeister Sarach<\/strong> und die Sprecherin des NetzWERKs Migration &amp; Integration Ahrensburg, <strong>Dorothea Schmidt<\/strong>, w\u00fcrdigten die Entwicklung dieser Veranstaltungsreihe, die viel zum guten Zusammenleben in der Stadt beigetragen hat. Dem Initiator des <b>Interkulturellen Herbstes in Ahrensburg<\/b>, <strong>Hans-Peter Wei\u00df<\/strong>, wurde als Dank f\u00fcr sein Engagement und die ansteckende Begeisterung, mit der er in den ersten Jahren den Grundstein f\u00fcr den Erfolg legte, eine Holzintarsie mit dem Logo des Interkulturellen Herbstes \u00fcberreicht.<\/span><\/p><p><span style=\"font-size: 11.0pt; font-family: Calibri , sans-serif; color: #1f497d;\">Gastrednerin <strong>Aydan \u00d6zo\u011fuz<\/strong>, MdB und bis 2018 Beauftragte der Bundesregierung f\u00fcr Migration, Fl\u00fcchtlinge und Integration, hielt die Festrede. Sie hob hervor, wie wichtig das Ehrenamt ist, das aber auch auf die gute Kooperation mit\u00a0 dem Hauptamt angewiesen sei. \u00a0Sie betonte die Bedeutung des Austauschs zwischen den Angekommenen, die sich vielleicht noch nicht zuhause f\u00fchlen und den Eingesessenen, auf die Fremdes zukommt. Migration sei nichts Neues. In den letzten Jahrhunderten habe es viele Neuank\u00f6mmlinge gegeben: Die Hugenotten, die im 17. Jahrhundert zu uns kamen; die polnischen Bergarbeiter, die den Aufschwung der Industrialisierung im Ruhrgebiet erst erm\u00f6glichten; die Vertriebenen der Weltkriege; die Gastarbeiter der 50er und 60er Jahre; die Sp\u00e4taussiedler und die EU-Migranten, die uns dringend ben\u00f6tigte Arbeitskr\u00e4fte bescherten und zuletzt die Fl\u00fcchtlinge, die meist aus dem Nahen Osten und Afrika kamen. <\/span><\/p>\t\t\t\t\t\t\t\t<\/div>\n\t\t\t\t<\/div>\n\t\t\t\t\t<\/div>\n\t\t<\/div>\n\t\t\t\t\t<\/div>\n\t\t<\/section>\n\t\t\t\t<section class=\"elementor-section elementor-top-section elementor-element elementor-element-152ee24 elementor-section-boxed elementor-section-height-default elementor-section-height-default\" data-id=\"152ee24\" data-element_type=\"section\" data-e-type=\"section\">\n\t\t\t\t\t\t<div class=\"elementor-container elementor-column-gap-default\">\n\t\t\t\t\t<div class=\"elementor-column elementor-col-100 elementor-top-column elementor-element elementor-element-48472f0\" data-id=\"48472f0\" data-element_type=\"column\" data-e-type=\"column\">\n\t\t\t<div class=\"elementor-widget-wrap elementor-element-populated\">\n\t\t\t\t\t\t<div class=\"elementor-element elementor-element-dfa5cc6 elementor-arrows-position-outside elementor-pagination-position-outside elementor-widget elementor-widget-image-carousel\" data-id=\"dfa5cc6\" data-element_type=\"widget\" data-e-type=\"widget\" data-settings=\"{&quot;slides_to_show&quot;:&quot;2&quot;,&quot;image_spacing_custom&quot;:{&quot;unit&quot;:&quot;px&quot;,&quot;size&quot;:6,&quot;sizes&quot;:[]},&quot;navigation&quot;:&quot;both&quot;,&quot;autoplay&quot;:&quot;yes&quot;,&quot;pause_on_hover&quot;:&quot;yes&quot;,&quot;pause_on_interaction&quot;:&quot;yes&quot;,&quot;autoplay_speed&quot;:5000,&quot;infinite&quot;:&quot;yes&quot;,&quot;speed&quot;:500,&quot;image_spacing_custom_tablet&quot;:{&quot;unit&quot;:&quot;px&quot;,&quot;size&quot;:&quot;&quot;,&quot;sizes&quot;:[]},&quot;image_spacing_custom_mobile&quot;:{&quot;unit&quot;:&quot;px&quot;,&quot;size&quot;:&quot;&quot;,&quot;sizes&quot;:[]}}\" data-widget_type=\"image-carousel.default\">\n\t\t\t\t<div class=\"elementor-widget-container\">\n\t\t\t\t\t\t\t<div class=\"elementor-image-carousel-wrapper swiper\" role=\"region\" aria-roledescription=\"carousel\" aria-label=\"Bild Karussell\" dir=\"ltr\">\n\t\t\t<div class=\"elementor-image-carousel swiper-wrapper swiper-image-stretch\" aria-live=\"off\">\n\t\t\t\t\t\t\t\t<div class=\"swiper-slide\" role=\"group\" aria-roledescription=\"slide\" aria-label=\"1 von 15\"><figure class=\"swiper-slide-inner\"><img decoding=\"async\" class=\"swiper-slide-image\" src=\"https:\/\/netzwerk-migration-integration.de\/wp-content\/uploads\/elementor\/thumbs\/Sarach_Wilde_1-odgipddqfwuvvdwo2g0xmbnlbbfhmyun96mvlwoyq8.jpg\" alt=\"Sarach_Wilde_1\" \/><\/figure><\/div><div class=\"swiper-slide\" role=\"group\" aria-roledescription=\"slide\" aria-label=\"2 von 15\"><figure class=\"swiper-slide-inner\"><img decoding=\"async\" class=\"swiper-slide-image\" src=\"https:\/\/netzwerk-migration-integration.de\/wp-content\/uploads\/2019\/09\/IKH_Dorothea_HPW-1.jpg\" alt=\"\" \/><\/figure><\/div><div class=\"swiper-slide\" role=\"group\" aria-roledescription=\"slide\" aria-label=\"3 von 15\"><figure class=\"swiper-slide-inner\"><img decoding=\"async\" class=\"swiper-slide-image\" src=\"https:\/\/netzwerk-migration-integration.de\/wp-content\/uploads\/elementor\/thumbs\/IKH_10_weiss_wissmann-od64a3auhuqmqrbalga2z9tykb333a1l0xxmdkk0y8.jpg\" alt=\"IKH_10_weiss_wissmann\" \/><\/figure><\/div><div class=\"swiper-slide\" role=\"group\" aria-roledescription=\"slide\" aria-label=\"4 von 15\"><figure class=\"swiper-slide-inner\"><img decoding=\"async\" class=\"swiper-slide-image\" src=\"https:\/\/netzwerk-migration-integration.de\/wp-content\/uploads\/elementor\/thumbs\/Aydin_3-odgio2dsy72jqvsxovpl5nijm1v4y3o2eq0lm2mndc.jpg\" alt=\"Aydin_3\" \/><\/figure><\/div><div class=\"swiper-slide\" role=\"group\" aria-roledescription=\"slide\" aria-label=\"5 von 15\"><figure class=\"swiper-slide-inner\"><img decoding=\"async\" class=\"swiper-slide-image\" src=\"https:\/\/netzwerk-migration-integration.de\/wp-content\/uploads\/2019\/09\/IKH_NetzWERK_1.jpg\" alt=\"\" \/><\/figure><\/div><div class=\"swiper-slide\" role=\"group\" aria-roledescription=\"slide\" aria-label=\"6 von 15\"><figure class=\"swiper-slide-inner\"><img decoding=\"async\" class=\"swiper-slide-image\" src=\"https:\/\/netzwerk-migration-integration.de\/wp-content\/uploads\/elementor\/thumbs\/IKH_NetzWERK_2-odgiqt2uvstnlxtkokdexglxzicoebjvsail04kb80.jpg\" alt=\"IKH_NetzWERK_2\" \/><\/figure><\/div><div class=\"swiper-slide\" role=\"group\" aria-roledescription=\"slide\" aria-label=\"7 von 15\"><figure class=\"swiper-slide-inner\"><img decoding=\"async\" class=\"swiper-slide-image\" src=\"https:\/\/netzwerk-migration-integration.de\/wp-content\/uploads\/2019\/09\/IKH_NetzWERK_3.jpg\" alt=\"\" \/><\/figure><\/div><div class=\"swiper-slide\" role=\"group\" aria-roledescription=\"slide\" aria-label=\"8 von 15\"><figure class=\"swiper-slide-inner\"><img decoding=\"async\" class=\"swiper-slide-image\" src=\"https:\/\/netzwerk-migration-integration.de\/wp-content\/uploads\/elementor\/thumbs\/Buffet-odgjaq9pqe3foevtcodr9xmn8i5qjdn2uwa2690xcg.jpg\" alt=\"Buffet\" \/><\/figure><\/div><div class=\"swiper-slide\" role=\"group\" aria-roledescription=\"slide\" aria-label=\"9 von 15\"><figure class=\"swiper-slide-inner\"><img decoding=\"async\" class=\"swiper-slide-image\" src=\"https:\/\/netzwerk-migration-integration.de\/wp-content\/uploads\/2019\/09\/IKH_Buffet_4.jpg\" alt=\"\" \/><\/figure><\/div><div class=\"swiper-slide\" role=\"group\" aria-roledescription=\"slide\" aria-label=\"10 von 15\"><figure class=\"swiper-slide-inner\"><img decoding=\"async\" class=\"swiper-slide-image\" src=\"https:\/\/netzwerk-migration-integration.de\/wp-content\/uploads\/elementor\/thumbs\/Trommler-odgiph5379015tr7ghnfwapfouwyhr9klp8tj0je1c.jpg\" alt=\"Trommler\" \/><\/figure><\/div><div class=\"swiper-slide\" role=\"group\" aria-roledescription=\"slide\" aria-label=\"11 von 15\"><figure class=\"swiper-slide-inner\"><img decoding=\"async\" class=\"swiper-slide-image\" src=\"https:\/\/netzwerk-migration-integration.de\/wp-content\/uploads\/2019\/09\/Aylin.jpg\" alt=\"\" \/><\/figure><\/div><div class=\"swiper-slide\" role=\"group\" aria-roledescription=\"slide\" aria-label=\"12 von 15\"><figure class=\"swiper-slide-inner\"><img decoding=\"async\" class=\"swiper-slide-image\" src=\"https:\/\/netzwerk-migration-integration.de\/wp-content\/uploads\/elementor\/thumbs\/IKH_Mexico_1-odgiqr76i4r2ypwazjk5sh30sqlxyxcf417m1kn3kg.jpg\" alt=\"Mexikanische Tanzgruppe\" \/><figcaption class=\"elementor-image-carousel-caption\">Mexikanische Tanzgruppe<\/figcaption><\/figure><\/div><div class=\"swiper-slide\" role=\"group\" aria-roledescription=\"slide\" aria-label=\"13 von 15\"><figure class=\"swiper-slide-inner\"><img decoding=\"async\" class=\"swiper-slide-image\" src=\"https:\/\/netzwerk-migration-integration.de\/wp-content\/uploads\/elementor\/thumbs\/IKH_Mexico_4-odgiqs50oysdabuxu1yscyuhe4hb6mg5g5v3iulpe8.jpg\" alt=\"IKH_Mexico_4\" \/><\/figure><\/div><div class=\"swiper-slide\" role=\"group\" aria-roledescription=\"slide\" aria-label=\"14 von 15\"><figure class=\"swiper-slide-inner\"><img decoding=\"async\" class=\"swiper-slide-image\" src=\"https:\/\/netzwerk-migration-integration.de\/wp-content\/uploads\/elementor\/thumbs\/Los_Mexicanos-odgipbi228sb85zedf7ohc4o4jor7kn6kxbwncrr2o.jpg\" alt=\"Los_Mexicanos\" \/><\/figure><\/div><div class=\"swiper-slide\" role=\"group\" aria-roledescription=\"slide\" aria-label=\"15 von 15\"><figure class=\"swiper-slide-inner\"><img decoding=\"async\" class=\"swiper-slide-image\" src=\"https:\/\/netzwerk-migration-integration.de\/wp-content\/uploads\/elementor\/thumbs\/IKH_Soul_Bridge-odgiqu0p2muxxjs7j2s1hydekw81m0nm4f62heix1s.jpg\" alt=\"IKH_Soul_Bridge\" \/><\/figure><\/div>\t\t\t<\/div>\n\t\t\t\t\t\t\t\t\t\t\t\t<div class=\"elementor-swiper-button elementor-swiper-button-prev\" role=\"button\" tabindex=\"0\">\n\t\t\t\t\t\t<i aria-hidden=\"true\" class=\"eicon-chevron-left\"><\/i>\t\t\t\t\t<\/div>\n\t\t\t\t\t<div class=\"elementor-swiper-button elementor-swiper-button-next\" role=\"button\" tabindex=\"0\">\n\t\t\t\t\t\t<i aria-hidden=\"true\" class=\"eicon-chevron-right\"><\/i>\t\t\t\t\t<\/div>\n\t\t\t\t\n\t\t\t\t\t\t\t\t\t<div class=\"swiper-pagination\"><\/div>\n\t\t\t\t\t\t\t\t\t<\/div>\n\t\t\t\t\t\t<\/div>\n\t\t\t\t<\/div>\n\t\t\t\t\t<\/div>\n\t\t<\/div>\n\t\t\t\t\t<\/div>\n\t\t<\/section>\n\t\t\t\t<section class=\"elementor-section elementor-top-section elementor-element elementor-element-2ab5b96 elementor-section-boxed elementor-section-height-default elementor-section-height-default\" data-id=\"2ab5b96\" data-element_type=\"section\" data-e-type=\"section\">\n\t\t\t\t\t\t<div class=\"elementor-container elementor-column-gap-default\">\n\t\t\t\t\t<div class=\"elementor-column elementor-col-100 elementor-top-column elementor-element elementor-element-887c68b\" data-id=\"887c68b\" data-element_type=\"column\" data-e-type=\"column\">\n\t\t\t<div class=\"elementor-widget-wrap elementor-element-populated\">\n\t\t\t\t\t\t<div class=\"elementor-element elementor-element-b7f7728 elementor-widget elementor-widget-text-editor\" data-id=\"b7f7728\" data-element_type=\"widget\" data-e-type=\"widget\" data-widget_type=\"text-editor.default\">\n\t\t\t\t<div class=\"elementor-widget-container\">\n\t\t\t\t\t\t\t\t\t<p style=\"text-align: center;\"><span style=\"font-size: 11.0pt; font-family: Calibri , sans-serif; color: #1f497d;\">(Bilder von B.Wissmann und J.Lehnert)<\/span><\/p><p><span style=\"font-size: 11.0pt; font-family: Calibri , sans-serif; color: #1f497d;\">Im Foyer wurden leckere internationale Speisen angeboten. JiM\u2018s Bar vom Stadtjugendring Ahrensburg mixte den G\u00e4sten coole alkoholfreie Drinks. Viele Gruppen aus dem NetzWERK hatten St\u00e4nde aufgebaut und informierten \u00fcber ihre Aufgaben und Aktivit\u00e4ten.<\/span><\/p><p><span style=\"font-size: 11.0pt; font-family: Calibri , sans-serif; color: #1f497d;\"><strong>Sadik &amp; Ahmet<\/strong>, ein Trommler und ein Klarinettenspieler der Band <\/span><span style=\"font-size: 11.0pt; font-family: Calibri , sans-serif; color: #1f497d;\"><span style=\"font-size: 11.0pt; font-family: Calibri , sans-serif; color: #1f497d;\">Bayram Karde\u015fler<\/span>, brachten die G\u00e4ste nach der Pause wieder in der Reithalle zusammen.<\/span><\/p><p><span style=\"font-size: 11.0pt; font-family: Calibri , sans-serif; color: #1f497d;\">Danach stimmte <strong>Aylin Lehnert<\/strong> die Zuschauer mit ihrem Gedicht \u201eZwischen Orient und Okzident\u201c nachdenklich. Sie trug das sehr bewegende Gedicht vor, in dem sie bedauert, dass die Verwurzelung in zwei Kulturkreisen von vielen nicht als Bereicherung, sondern als Makel dargestellt wird.<\/span><\/p><p><span style=\"font-size: 11.0pt; font-family: Calibri , sans-serif; color: #1f497d;\">Drau\u00dfen sangen die <b>gelben Partisanen<\/b> bei strahlendem Sonnenschein zur Gitarre revolution\u00e4re Lieder.<br \/><\/span><\/p><p><span style=\"font-size: 11.0pt; font-family: Calibri , sans-serif; color: #1f497d;\">Die mexikanische Tanzgruppe <strong>Sol Mexicano<\/strong> aus Hamburg sehen wir immer wieder gerne bei unseren Festen im Marstall. Sie bezauberten wieder mit ihren farbenfrohen Kleidern und ihren mitrei\u00dfenden T\u00e4nzen.<\/span><\/p><p><span style=\"font-size: 11.0pt; font-family: Calibri , sans-serif; color: #1f497d;\">Schlie\u00dflich trat noch die Gruppe<strong> Soul Bridges<\/strong> auf, die mit ihren starken Stimmen einen sehr sch\u00f6nen Abschluss f\u00fcr unsere Jubil\u00e4umsfeier bildete.<\/span><\/p><p style=\"margin-bottom: 0cm;\">\u00a0<\/p>\t\t\t\t\t\t\t\t<\/div>\n\t\t\t\t<\/div>\n\t\t\t\t\t<\/div>\n\t\t<\/div>\n\t\t\t\t\t<\/div>\n\t\t<\/section>\n\t\t\t\t<\/div>\n\t\t","protected":false},"excerpt":{"rendered":"<p>\u00dcber 150 G\u00e4ste haben am 31. August das 10-j\u00e4hrige Jubil\u00e4um des Interkulturellen Herbstes im Marstall gefeiert. Der Schirmherr B\u00fcrgermeister Sarach und die Sprecherin des NetzWERKs Migration &amp; Integration Ahrensburg, Dorothea Schmidt, w\u00fcrdigten die Entwicklung dieser Veranstaltungsreihe, die viel zum guten Zusammenleben in der Stadt beigetragen hat. Dem Initiator des Interkulturellen Herbstes in Ahrensburg, Hans-Peter Wei\u00df, &hellip; <a href=\"https:\/\/netzwerk-migration-integration.de\/index.php\/10-jahre-interkultureller-herbst\/\" class=\"more-link\"><span class=\"screen-reader-text\">\u201e10 Jahre Interkultureller Herbst\u201c <\/span>weiterlesen<\/a><\/p>\n","protected":false},"author":2,"featured_media":0,"parent":0,"menu_order":0,"comment_status":"closed","ping_status":"closed","template":"","meta":{"_crdt_document":"","footnotes":""},"class_list":["post-1166","page","type-page","status-publish","hentry"],"yoast_head":"<!-- This site is optimized with the Yoast SEO plugin v27.5 - https:\/\/yoast.com\/product\/yoast-seo-wordpress\/ -->\n<title>10 Jahre Interkultureller Herbst - NetzWERK Migration &amp; Integration Ahrensburg<\/title>\n<meta name=\"robots\" content=\"index, follow, max-snippet:-1, max-image-preview:large, max-video-preview:-1\" \/>\n<link rel=\"canonical\" href=\"https:\/\/netzwerk-migration-integration.de\/index.php\/10-jahre-interkultureller-herbst\/\" \/>\n<meta property=\"og:locale\" content=\"de_DE\" \/>\n<meta property=\"og:type\" content=\"article\" \/>\n<meta property=\"og:title\" content=\"10 Jahre Interkultureller Herbst - NetzWERK Migration &amp; Integration Ahrensburg\" \/>\n<meta property=\"og:description\" content=\"\u00dcber 150 G\u00e4ste haben am 31. August das 10-j\u00e4hrige Jubil\u00e4um des Interkulturellen Herbstes im Marstall gefeiert. Der Schirmherr B\u00fcrgermeister Sarach und die Sprecherin des NetzWERKs Migration &amp; Integration Ahrensburg, Dorothea Schmidt, w\u00fcrdigten die Entwicklung dieser Veranstaltungsreihe, die viel zum guten Zusammenleben in der Stadt beigetragen hat. Dem Initiator des Interkulturellen Herbstes in Ahrensburg, Hans-Peter Wei\u00df, &hellip; \u201e10 Jahre Interkultureller Herbst\u201c weiterlesen\" \/>\n<meta property=\"og:url\" content=\"https:\/\/netzwerk-migration-integration.de\/index.php\/10-jahre-interkultureller-herbst\/\" \/>\n<meta property=\"og:site_name\" content=\"NetzWERK Migration &amp; Integration Ahrensburg\" \/>\n<meta property=\"article:modified_time\" content=\"2019-09-12T17:39:05+00:00\" \/>\n<meta property=\"og:image\" content=\"https:\/\/netzwerk-migration-integration.de\/wp-content\/uploads\/elementor\/thumbs\/Sarach_Wilde_1-odgipddqfwuvvdwo2g0xmbnlbbfhmyun96mvlwoyq8.jpg\" \/>\n<meta name=\"twitter:card\" content=\"summary_large_image\" \/>\n<meta name=\"twitter:label1\" content=\"Gesch\u00e4tzte Lesezeit\" \/>\n\t<meta name=\"twitter:data1\" content=\"2\u00a0Minuten\" \/>\n<script type=\"application\/ld+json\" class=\"yoast-schema-graph\">{\"@context\":\"https:\\\/\\\/schema.org\",\"@graph\":[{\"@type\":\"WebPage\",\"@id\":\"https:\\\/\\\/netzwerk-migration-integration.de\\\/index.php\\\/10-jahre-interkultureller-herbst\\\/\",\"url\":\"https:\\\/\\\/netzwerk-migration-integration.de\\\/index.php\\\/10-jahre-interkultureller-herbst\\\/\",\"name\":\"10 Jahre Interkultureller Herbst - NetzWERK Migration &amp; Integration Ahrensburg\",\"isPartOf\":{\"@id\":\"https:\\\/\\\/netzwerk-migration-integration.de\\\/#website\"},\"primaryImageOfPage\":{\"@id\":\"https:\\\/\\\/netzwerk-migration-integration.de\\\/index.php\\\/10-jahre-interkultureller-herbst\\\/#primaryimage\"},\"image\":{\"@id\":\"https:\\\/\\\/netzwerk-migration-integration.de\\\/index.php\\\/10-jahre-interkultureller-herbst\\\/#primaryimage\"},\"thumbnailUrl\":\"https:\\\/\\\/netzwerk-migration-integration.de\\\/wp-content\\\/uploads\\\/elementor\\\/thumbs\\\/Sarach_Wilde_1-odgipddqfwuvvdwo2g0xmbnlbbfhmyun96mvlwoyq8.jpg\",\"datePublished\":\"2019-09-05T12:51:10+00:00\",\"dateModified\":\"2019-09-12T17:39:05+00:00\",\"breadcrumb\":{\"@id\":\"https:\\\/\\\/netzwerk-migration-integration.de\\\/index.php\\\/10-jahre-interkultureller-herbst\\\/#breadcrumb\"},\"inLanguage\":\"de\",\"potentialAction\":[{\"@type\":\"ReadAction\",\"target\":[\"https:\\\/\\\/netzwerk-migration-integration.de\\\/index.php\\\/10-jahre-interkultureller-herbst\\\/\"]}]},{\"@type\":\"ImageObject\",\"inLanguage\":\"de\",\"@id\":\"https:\\\/\\\/netzwerk-migration-integration.de\\\/index.php\\\/10-jahre-interkultureller-herbst\\\/#primaryimage\",\"url\":\"https:\\\/\\\/netzwerk-migration-integration.de\\\/wp-content\\\/uploads\\\/elementor\\\/thumbs\\\/Sarach_Wilde_1-odgipddqfwuvvdwo2g0xmbnlbbfhmyun96mvlwoyq8.jpg\",\"contentUrl\":\"https:\\\/\\\/netzwerk-migration-integration.de\\\/wp-content\\\/uploads\\\/elementor\\\/thumbs\\\/Sarach_Wilde_1-odgipddqfwuvvdwo2g0xmbnlbbfhmyun96mvlwoyq8.jpg\"},{\"@type\":\"BreadcrumbList\",\"@id\":\"https:\\\/\\\/netzwerk-migration-integration.de\\\/index.php\\\/10-jahre-interkultureller-herbst\\\/#breadcrumb\",\"itemListElement\":[{\"@type\":\"ListItem\",\"position\":1,\"name\":\"Home\",\"item\":\"https:\\\/\\\/netzwerk-migration-integration.de\\\/\"},{\"@type\":\"ListItem\",\"position\":2,\"name\":\"10 Jahre Interkultureller Herbst\"}]},{\"@type\":\"WebSite\",\"@id\":\"https:\\\/\\\/netzwerk-migration-integration.de\\\/#website\",\"url\":\"https:\\\/\\\/netzwerk-migration-integration.de\\\/\",\"name\":\"NetzWERK Migration &amp; Integration Ahrensburg\",\"description\":\"\",\"publisher\":{\"@id\":\"https:\\\/\\\/netzwerk-migration-integration.de\\\/#organization\"},\"potentialAction\":[{\"@type\":\"SearchAction\",\"target\":{\"@type\":\"EntryPoint\",\"urlTemplate\":\"https:\\\/\\\/netzwerk-migration-integration.de\\\/?s={search_term_string}\"},\"query-input\":{\"@type\":\"PropertyValueSpecification\",\"valueRequired\":true,\"valueName\":\"search_term_string\"}}],\"inLanguage\":\"de\"},{\"@type\":\"Organization\",\"@id\":\"https:\\\/\\\/netzwerk-migration-integration.de\\\/#organization\",\"name\":\"NetzWERK Migration &amp; Integration Ahrensburg\",\"url\":\"https:\\\/\\\/netzwerk-migration-integration.de\\\/\",\"logo\":{\"@type\":\"ImageObject\",\"inLanguage\":\"de\",\"@id\":\"https:\\\/\\\/netzwerk-migration-integration.de\\\/#\\\/schema\\\/logo\\\/image\\\/\",\"url\":\"https:\\\/\\\/netzwerk-migration-integration.de\\\/wp-content\\\/uploads\\\/2018\\\/03\\\/cropped-NetzW-Logo_rgb-2-2.jpg\",\"contentUrl\":\"https:\\\/\\\/netzwerk-migration-integration.de\\\/wp-content\\\/uploads\\\/2018\\\/03\\\/cropped-NetzW-Logo_rgb-2-2.jpg\",\"width\":240,\"height\":74,\"caption\":\"NetzWERK Migration &amp; Integration Ahrensburg\"},\"image\":{\"@id\":\"https:\\\/\\\/netzwerk-migration-integration.de\\\/#\\\/schema\\\/logo\\\/image\\\/\"}}]}<\/script>\n<!-- \/ Yoast SEO plugin. -->","yoast_head_json":{"title":"10 Jahre Interkultureller Herbst - NetzWERK Migration &amp; Integration Ahrensburg","robots":{"index":"index","follow":"follow","max-snippet":"max-snippet:-1","max-image-preview":"max-image-preview:large","max-video-preview":"max-video-preview:-1"},"canonical":"https:\/\/netzwerk-migration-integration.de\/index.php\/10-jahre-interkultureller-herbst\/","og_locale":"de_DE","og_type":"article","og_title":"10 Jahre Interkultureller Herbst - NetzWERK Migration &amp; Integration Ahrensburg","og_description":"\u00dcber 150 G\u00e4ste haben am 31. August das 10-j\u00e4hrige Jubil\u00e4um des Interkulturellen Herbstes im Marstall gefeiert. Der Schirmherr B\u00fcrgermeister Sarach und die Sprecherin des NetzWERKs Migration &amp; Integration Ahrensburg, Dorothea Schmidt, w\u00fcrdigten die Entwicklung dieser Veranstaltungsreihe, die viel zum guten Zusammenleben in der Stadt beigetragen hat. Dem Initiator des Interkulturellen Herbstes in Ahrensburg, Hans-Peter Wei\u00df, &hellip; \u201e10 Jahre Interkultureller Herbst\u201c weiterlesen","og_url":"https:\/\/netzwerk-migration-integration.de\/index.php\/10-jahre-interkultureller-herbst\/","og_site_name":"NetzWERK Migration &amp; Integration Ahrensburg","article_modified_time":"2019-09-12T17:39:05+00:00","og_image":[{"url":"https:\/\/netzwerk-migration-integration.de\/wp-content\/uploads\/elementor\/thumbs\/Sarach_Wilde_1-odgipddqfwuvvdwo2g0xmbnlbbfhmyun96mvlwoyq8.jpg","type":"","width":"","height":""}],"twitter_card":"summary_large_image","twitter_misc":{"Gesch\u00e4tzte Lesezeit":"2\u00a0Minuten"},"schema":{"@context":"https:\/\/schema.org","@graph":[{"@type":"WebPage","@id":"https:\/\/netzwerk-migration-integration.de\/index.php\/10-jahre-interkultureller-herbst\/","url":"https:\/\/netzwerk-migration-integration.de\/index.php\/10-jahre-interkultureller-herbst\/","name":"10 Jahre Interkultureller Herbst - NetzWERK Migration &amp; Integration Ahrensburg","isPartOf":{"@id":"https:\/\/netzwerk-migration-integration.de\/#website"},"primaryImageOfPage":{"@id":"https:\/\/netzwerk-migration-integration.de\/index.php\/10-jahre-interkultureller-herbst\/#primaryimage"},"image":{"@id":"https:\/\/netzwerk-migration-integration.de\/index.php\/10-jahre-interkultureller-herbst\/#primaryimage"},"thumbnailUrl":"https:\/\/netzwerk-migration-integration.de\/wp-content\/uploads\/elementor\/thumbs\/Sarach_Wilde_1-odgipddqfwuvvdwo2g0xmbnlbbfhmyun96mvlwoyq8.jpg","datePublished":"2019-09-05T12:51:10+00:00","dateModified":"2019-09-12T17:39:05+00:00","breadcrumb":{"@id":"https:\/\/netzwerk-migration-integration.de\/index.php\/10-jahre-interkultureller-herbst\/#breadcrumb"},"inLanguage":"de","potentialAction":[{"@type":"ReadAction","target":["https:\/\/netzwerk-migration-integration.de\/index.php\/10-jahre-interkultureller-herbst\/"]}]},{"@type":"ImageObject","inLanguage":"de","@id":"https:\/\/netzwerk-migration-integration.de\/index.php\/10-jahre-interkultureller-herbst\/#primaryimage","url":"https:\/\/netzwerk-migration-integration.de\/wp-content\/uploads\/elementor\/thumbs\/Sarach_Wilde_1-odgipddqfwuvvdwo2g0xmbnlbbfhmyun96mvlwoyq8.jpg","contentUrl":"https:\/\/netzwerk-migration-integration.de\/wp-content\/uploads\/elementor\/thumbs\/Sarach_Wilde_1-odgipddqfwuvvdwo2g0xmbnlbbfhmyun96mvlwoyq8.jpg"},{"@type":"BreadcrumbList","@id":"https:\/\/netzwerk-migration-integration.de\/index.php\/10-jahre-interkultureller-herbst\/#breadcrumb","itemListElement":[{"@type":"ListItem","position":1,"name":"Home","item":"https:\/\/netzwerk-migration-integration.de\/"},{"@type":"ListItem","position":2,"name":"10 Jahre Interkultureller Herbst"}]},{"@type":"WebSite","@id":"https:\/\/netzwerk-migration-integration.de\/#website","url":"https:\/\/netzwerk-migration-integration.de\/","name":"NetzWERK Migration &amp; Integration Ahrensburg","description":"","publisher":{"@id":"https:\/\/netzwerk-migration-integration.de\/#organization"},"potentialAction":[{"@type":"SearchAction","target":{"@type":"EntryPoint","urlTemplate":"https:\/\/netzwerk-migration-integration.de\/?s={search_term_string}"},"query-input":{"@type":"PropertyValueSpecification","valueRequired":true,"valueName":"search_term_string"}}],"inLanguage":"de"},{"@type":"Organization","@id":"https:\/\/netzwerk-migration-integration.de\/#organization","name":"NetzWERK Migration &amp; Integration Ahrensburg","url":"https:\/\/netzwerk-migration-integration.de\/","logo":{"@type":"ImageObject","inLanguage":"de","@id":"https:\/\/netzwerk-migration-integration.de\/#\/schema\/logo\/image\/","url":"https:\/\/netzwerk-migration-integration.de\/wp-content\/uploads\/2018\/03\/cropped-NetzW-Logo_rgb-2-2.jpg","contentUrl":"https:\/\/netzwerk-migration-integration.de\/wp-content\/uploads\/2018\/03\/cropped-NetzW-Logo_rgb-2-2.jpg","width":240,"height":74,"caption":"NetzWERK Migration &amp; Integration Ahrensburg"},"image":{"@id":"https:\/\/netzwerk-migration-integration.de\/#\/schema\/logo\/image\/"}}]}},"_links":{"self":[{"href":"https:\/\/netzwerk-migration-integration.de\/index.php\/wp-json\/wp\/v2\/pages\/1166","targetHints":{"allow":["GET"]}}],"collection":[{"href":"https:\/\/netzwerk-migration-integration.de\/index.php\/wp-json\/wp\/v2\/pages"}],"about":[{"href":"https:\/\/netzwerk-migration-integration.de\/index.php\/wp-json\/wp\/v2\/types\/page"}],"author":[{"embeddable":true,"href":"https:\/\/netzwerk-migration-integration.de\/index.php\/wp-json\/wp\/v2\/users\/2"}],"replies":[{"embeddable":true,"href":"https:\/\/netzwerk-migration-integration.de\/index.php\/wp-json\/wp\/v2\/comments?post=1166"}],"version-history":[{"count":25,"href":"https:\/\/netzwerk-migration-integration.de\/index.php\/wp-json\/wp\/v2\/pages\/1166\/revisions"}],"predecessor-version":[{"id":1255,"href":"https:\/\/netzwerk-migration-integration.de\/index.php\/wp-json\/wp\/v2\/pages\/1166\/revisions\/1255"}],"wp:attachment":[{"href":"https:\/\/netzwerk-migration-integration.de\/index.php\/wp-json\/wp\/v2\/media?parent=1166"}],"curies":[{"name":"wp","href":"https:\/\/api.w.org\/{rel}","templated":true}]}}